{"id":11,"date":"2024-12-11T12:33:01","date_gmt":"2024-12-11T11:33:01","guid":{"rendered":"https:\/\/bilbao.wordcamp.org\/2025\/location\/"},"modified":"2025-03-03T19:28:11","modified_gmt":"2025-03-03T18:28:11","slug":"localizacion","status":"publish","type":"page","link":"https:\/\/bilbao.wordcamp.org\/2025\/localizacion\/","title":{"rendered":"D\u00f3nde estamos"},"content":{"rendered":"\n<section class=\"wp-block-group has-global-padding is-layout-constrained wp-block-group-is-layout-constrained\">\n<h2 class=\"wp-block-heading\">As Fabrik<\/h2>\n\n\n\n<div class=\"wp-block-columns is-layout-flex wp-container-core-columns-is-layout-3a88641f wp-block-columns-is-layout-flex\">\n<div class=\"wp-block-column is-layout-flow wp-block-column-is-layout-flow\" style=\"flex-basis:66.66%\">\n<p class=\"wp-block-paragraph\"><strong>Mondragon Unibertsitatea<\/strong><\/p>\n\n\n\n<p class=\"wp-block-paragraph\"><a href=\"https:\/\/maps.app.goo.gl\/zHwr5pq1fkBnvSRw5\" data-type=\"link\" data-id=\"https:\/\/maps.app.goo.gl\/zHwr5pq1fkBnvSRw5\" target=\"_blank\" rel=\"noreferrer noopener nofollow\">Olagorta Kalea, 26<\/a><br><em>(entrada peatones por Ribera Zorrozaure, 2)<\/em><\/p>\n\n\n\n<p class=\"wp-block-paragraph\">48014 Bilbao, Bizkaia<\/p>\n\n\n\n<div style=\"height:1rem\" aria-hidden=\"true\" class=\"wp-block-spacer\"><\/div>\n<\/div>\n\n\n\n<div class=\"wp-block-column is-layout-flow wp-block-column-is-layout-flow\" style=\"flex-basis:33.33%\">\n<div style=\"background-image:url(&apos;https:\/\/bilbao.wordcamp.org\/2025\/files\/2025\/02\/As-Fabrik-Totem-Entrada.webp&apos;);background-size:cover;\" class=\"wp-block-group image-right02 transition has-global-padding is-layout-constrained wp-block-group-is-layout-constrained has-background\">\n<figure class=\"wp-block-image aligncenter size-full is-resized\"><img loading=\"lazy\" decoding=\"async\" width=\"519\" height=\"519\" src=\"https:\/\/bilbao.wordcamp.org\/2025\/files\/2025\/02\/Rectangle-20.png\" alt=\"\" class=\"wp-image-1216\" style=\"object-fit:cover;width:200px;height:200px\" srcset=\"https:\/\/bilbao.wordcamp.org\/2025\/files\/2025\/02\/Rectangle-20.png 519w, https:\/\/bilbao.wordcamp.org\/2025\/files\/2025\/02\/Rectangle-20-300x300.png 300w, https:\/\/bilbao.wordcamp.org\/2025\/files\/2025\/02\/Rectangle-20-150x150.png 150w\" sizes=\"auto, (max-width: 519px) 100vw, 519px\" \/><\/figure>\n<\/div>\n<\/div>\n<\/div>\n\n\n\n<div style=\"height:1px\" aria-hidden=\"true\" class=\"wp-block-spacer\"><\/div>\n\n\n\n<p class=\"wp-block-paragraph\">Inaugurada el 15 de enero de 2021, Bilbao As Fabrik naci\u00f3 como un paso en la estrategia para convertir la isla artificial de Zorrozaurre en un centro neur\u00e1lgico de talento y conocimiento en Bilbao Bizkaia.<\/p>\n\n\n\n<p class=\"wp-block-paragraph\">Esta antigua f\u00e1brica de tornillos de los a\u00f1os 70, totalmente abandonada, fue rehabilitada y reformada para albergar lo que hoy es un lugar dedicado a los servicios avanzados para la Industria 4.0 y la econom\u00eda digital, en el que se dan cita la formaci\u00f3n universitaria, el emprendimiento o las iniciativas empresariales innovadoras, entre otras.<\/p>\n<\/section>\n\n\n\n<section class=\"wp-block-group bg-medio has-global-padding is-layout-constrained wp-block-group-is-layout-constrained\">\n<div class=\"wp-block-group has-global-padding is-layout-constrained wp-container-core-group-is-layout-e627a39a wp-block-group-is-layout-constrained\" style=\"padding-right:0;padding-left:0\">\n<div style=\"height:2rem\" aria-hidden=\"true\" class=\"wp-block-spacer\"><\/div>\n\n\n\n<h2 class=\"wp-block-heading has-text-align-center white\">Como llegar a As Fabrik desde San Mam\u00e9s<\/h2>\n\n\n\n<p class=\"white wp-block-paragraph\">Utilizaremos como <strong>punto de partida com\u00fan el cruce entre Sabino Arana y Alameda de Urquijo<\/strong>. Est\u00e1 cerca del metro, de la estaci\u00f3n de autobuses (Intermodal), del tranv\u00eda y punto de entrada desde la autov\u00eda<\/p>\n\n\n\n<div style=\"height:2rem\" aria-hidden=\"true\" class=\"wp-block-spacer\"><\/div>\n<\/div>\n\n\n\n<div class=\"wp-block-columns is-layout-flex wp-container-core-columns-is-layout-3a88641f wp-block-columns-is-layout-flex\">\n<div class=\"wp-block-column is-layout-flow wp-block-column-is-layout-flow\">\n<div class=\"wp-block-group box venue-icon icon-walk has-background has-global-padding is-layout-constrained wp-container-core-group-is-layout-ff6a5ba3 wp-block-group-is-layout-constrained\" style=\"border-radius:2rem;background-color:#5911b0;padding-right:var(--wp--preset--spacing--30);padding-left:var(--wp--preset--spacing--30)\">\n<div style=\"height:1rem\" aria-hidden=\"true\" class=\"wp-block-spacer\"><\/div>\n\n\n\n<figure class=\"wp-block-image aligncenter size-thumbnail fade-in\"><img loading=\"lazy\" decoding=\"async\" width=\"150\" height=\"150\" src=\"https:\/\/bilbao.wordcamp.org\/2025\/files\/2025\/02\/person-walking-solid-150x150.png\" alt=\"icono de una persona andando\" class=\"wp-image-1319\" srcset=\"https:\/\/bilbao.wordcamp.org\/2025\/files\/2025\/02\/person-walking-solid-150x150.png 150w, https:\/\/bilbao.wordcamp.org\/2025\/files\/2025\/02\/person-walking-solid-300x300.png 300w, https:\/\/bilbao.wordcamp.org\/2025\/files\/2025\/02\/person-walking-solid.png 512w\" sizes=\"auto, (max-width: 150px) 100vw, 150px\" \/><\/figure>\n\n\n\n<div style=\"height:1rem\" aria-hidden=\"true\" class=\"wp-block-spacer\"><\/div>\n\n\n\n<h3 class=\"wp-block-heading blanco-txt\">Caminando: (38 minutos, 3km.)<\/h3>\n\n\n\n<p class=\"has-base-2-color has-text-color has-link-color wp-elements-ffdfa31b136c77bd5ffd707a747cff90 wp-block-paragraph\"><a href=\"https:\/\/maps.app.goo.gl\/zmx3d8xvrsvXiJGX7\" target=\"_blank\" rel=\"noopener\">Ruta en Google Maps<\/a><\/p>\n\n\n\n<p class=\"blanco-txt wp-block-paragraph\">El recorrido hasta Zorrozaurre permite ver algunos de los \u00faltimos vestigios industriales de la villa.<\/p>\n\n\n\n<div style=\"height:1rem\" aria-hidden=\"true\" class=\"wp-block-spacer\"><\/div>\n<\/div>\n\n\n\n<div class=\"wp-block-group box venue-icon icon-bus has-background has-global-padding is-layout-constrained wp-container-core-group-is-layout-ff6a5ba3 wp-block-group-is-layout-constrained\" style=\"border-radius:2rem;background-color:#8756eb;padding-right:var(--wp--preset--spacing--30);padding-left:var(--wp--preset--spacing--30)\">\n<div style=\"height:1rem\" aria-hidden=\"true\" class=\"wp-block-spacer\"><\/div>\n\n\n\n<figure class=\"wp-block-image aligncenter size-thumbnail fade-in\"><img loading=\"lazy\" decoding=\"async\" width=\"150\" height=\"150\" src=\"https:\/\/bilbao.wordcamp.org\/2025\/files\/2025\/02\/bus-solid-150x150.png\" alt=\"icono de un autob\u00fas\" class=\"wp-image-1320\" srcset=\"https:\/\/bilbao.wordcamp.org\/2025\/files\/2025\/02\/bus-solid-150x150.png 150w, https:\/\/bilbao.wordcamp.org\/2025\/files\/2025\/02\/bus-solid-300x300.png 300w, https:\/\/bilbao.wordcamp.org\/2025\/files\/2025\/02\/bus-solid.png 512w\" sizes=\"auto, (max-width: 150px) 100vw, 150px\" \/><\/figure>\n\n\n\n<div style=\"height:1rem\" aria-hidden=\"true\" class=\"wp-block-spacer\"><\/div>\n\n\n\n<h3 class=\"wp-block-heading blanco-txt\">Transporte p\u00fablico (metro \/ autob\u00fas)<\/h3>\n\n\n\n<p class=\"blanco-txt wp-block-paragraph\">La l\u00ednea de <strong>autob\u00fas A4<\/strong> sale de Deusto y cruza a Zorrozaure.<\/p>\n\n\n\n<p class=\"blanco-txt wp-block-paragraph\">La parada mas cercana a Zorrotzaure est\u00e1 en la calle Julio Urquijo 1 (<strong><a href=\"https:\/\/maps.app.goo.gl\/rJJyRQy9zkN9vQhy9\" target=\"_blank\" rel=\"noopener\">aqu\u00ed<\/a><\/strong>)<\/p>\n\n\n\n<p class=\"blanco-txt wp-block-paragraph\">Si vas en metro, te tienes que bajar en <strong>Deusto<\/strong> y caminar hasta Lehedankari Aguirre (<strong><a href=\"https:\/\/maps.app.goo.gl\/EE5Jg9aR6AiLsZNz6\">esta parada<\/a><\/strong>)<\/p>\n\n\n\n<p class=\"blanco-txt wp-block-paragraph\">En <a href=\"https:\/\/www.bilbao.eus\/cs\/Satellite\/bilbobus\/es\/linea?idioma=es&amp;codLinea=A4&amp;temporada_linea=16&amp;sentido=2\"><strong>este enlace<\/strong><\/a> podemos ver en tiempo real el recorrido as\u00ed como los tiempos de espera<\/p>\n\n\n\n<p class=\"blanco-txt wp-block-paragraph\">Y nos tenemos que bajar <a href=\"https:\/\/maps.app.goo.gl\/zjZNQwoRZQCcy35P9\" target=\"_blank\" rel=\"noopener\"><strong>en esta parada<\/strong><\/a> y retroceder 50 metros andando para encontrar As Fabrik<\/p>\n\n\n\n<div style=\"height:1rem\" aria-hidden=\"true\" class=\"wp-block-spacer\"><\/div>\n<\/div>\n\n\n\n<div class=\"wp-block-group box venue-icon icon-car has-background has-global-padding is-layout-constrained wp-container-core-group-is-layout-ff6a5ba3 wp-block-group-is-layout-constrained\" style=\"border-radius:2rem;background-color:#b597f2;padding-right:var(--wp--preset--spacing--30);padding-left:var(--wp--preset--spacing--30)\">\n<div style=\"height:1rem\" aria-hidden=\"true\" class=\"wp-block-spacer\"><\/div>\n\n\n\n<figure class=\"wp-block-image aligncenter size-thumbnail fade-in\"><img loading=\"lazy\" decoding=\"async\" width=\"150\" height=\"150\" src=\"https:\/\/bilbao.wordcamp.org\/2025\/files\/2025\/02\/taxi-solid-150x150.png\" alt=\"icono de un taxi\" class=\"wp-image-1322\" srcset=\"https:\/\/bilbao.wordcamp.org\/2025\/files\/2025\/02\/taxi-solid-150x150.png 150w, https:\/\/bilbao.wordcamp.org\/2025\/files\/2025\/02\/taxi-solid-300x300.png 300w, https:\/\/bilbao.wordcamp.org\/2025\/files\/2025\/02\/taxi-solid.png 512w\" sizes=\"auto, (max-width: 150px) 100vw, 150px\" \/><\/figure>\n\n\n\n<div style=\"height:1rem\" aria-hidden=\"true\" class=\"wp-block-spacer\"><\/div>\n\n\n\n<h3 class=\"wp-block-heading\">Coche \/ Taxi (8 minutos, 3km.)<\/h3>\n\n\n\n<p class=\"wp-block-paragraph\"><a href=\"https:\/\/maps.app.goo.gl\/Aog6crmZvLbGYfMj8\">Ruta en Google Maps<\/a><\/p>\n\n\n\n<p class=\"wp-block-paragraph\">En la zona <strong>no hay problemas para aparcar en fin de semana<\/strong><\/p>\n\n\n\n<div style=\"height:1rem\" aria-hidden=\"true\" class=\"wp-block-spacer\"><\/div>\n<\/div>\n\n\n\n<div class=\"wp-block-group box venue-icon icon-microbus has-background has-global-padding is-layout-constrained wp-container-core-group-is-layout-ff6a5ba3 wp-block-group-is-layout-constrained\" style=\"border-radius:2rem;background-color:#d9c7ff;padding-right:var(--wp--preset--spacing--30);padding-left:var(--wp--preset--spacing--30)\">\n<div style=\"height:1rem\" aria-hidden=\"true\" class=\"wp-block-spacer\"><\/div>\n\n\n\n<figure class=\"wp-block-image aligncenter size-thumbnail fade-in\"><img loading=\"lazy\" decoding=\"async\" width=\"150\" height=\"150\" src=\"https:\/\/bilbao.wordcamp.org\/2025\/files\/2025\/02\/van-shuttle-solid-150x150.png\" alt=\"Icono de un microb\u00fas\" class=\"wp-image-1321\" srcset=\"https:\/\/bilbao.wordcamp.org\/2025\/files\/2025\/02\/van-shuttle-solid-150x150.png 150w, https:\/\/bilbao.wordcamp.org\/2025\/files\/2025\/02\/van-shuttle-solid-300x300.png 300w, https:\/\/bilbao.wordcamp.org\/2025\/files\/2025\/02\/van-shuttle-solid.png 512w\" sizes=\"auto, (max-width: 150px) 100vw, 150px\" \/><\/figure>\n\n\n\n<div style=\"height:1rem\" aria-hidden=\"true\" class=\"wp-block-spacer\"><\/div>\n\n\n\n<h3 class=\"wp-block-heading\"><strong>Microb\u00fas de la organizaci\u00f3n<\/strong><\/h3>\n\n\n\n<p class=\"wp-block-paragraph\">Seg\u00fan sean las necesidades reales, se valorar\u00e1 la opci\u00f3n de disponer de un microb\u00fas tanto <strong>a la entrada (de 8:30 a 9:30) como a la salida (de 20:00 a 21:00).<\/strong><\/p>\n\n\n\n<p class=\"wp-block-paragraph\"><strong>Se informar\u00e1 del punto de salida mediante email .<\/strong><\/p>\n\n\n\n<div style=\"height:1rem\" aria-hidden=\"true\" class=\"wp-block-spacer\"><\/div>\n<\/div>\n<\/div>\n<\/div>\n\n\n\n<div style=\"height:2rem\" aria-hidden=\"true\" class=\"wp-block-spacer\"><\/div>\n\n\n\n<div class=\"map-responsive\">\n<div class=\"googlemaps\">\n\t\t\t\t<iframe loading=\"lazy\" width=\"425\" height=\"350\" frameborder=\"0\" scrolling=\"no\" marginheight=\"0\" marginwidth=\"0\"  src=\"https:\/\/www.google.com\/maps\/embed?pb=!1m18!1m12!1m3!1d2905.021161666856!2d-2.9665434237397923!3d43.271932477006445!2m3!1f0!2f0!3f0!3m2!1i1024!2i768!4f13.1!3m3!1m2!1s0xd4e51ca256d9a2b:0x72e9a28108ae3eba!2sBilbao%20AS%20Fabrik%20-%20Mondragon%20Unibertsitatea!5e0!3m2!1ses!2ses!4v1739815714966!5m2!1ses!2ses\"><\/iframe>\n\t\t\t<\/div>\n<\/div>\n\n\n\n<div style=\"height:3rem\" aria-hidden=\"true\" class=\"wp-block-spacer\"><\/div>\n<\/section>\n","protected":false},"excerpt":{"rendered":"<p>As Fabrik Mondragon Unibertsitatea Olagorta Kalea, 26(entrada peatones por Ribera Zorrozaure, 2) 48014 Bilbao, Bizkaia Inaugurada el 15 de enero de 2021, Bilbao As Fabrik naci\u00f3 como un paso en la estrategia para convertir la isla artificial de Zorrozaurre en un centro neur\u00e1lgico de talento y conocimiento en Bilbao Bizkaia. Esta antigua f\u00e1brica de tornillos [&hellip;]<\/p>\n","protected":false},"author":14691066,"featured_media":1828,"parent":0,"menu_order":0,"comment_status":"closed","ping_status":"closed","template":"","meta":{"_crdt_document":"","jetpack_post_was_ever_published":false,"footnotes":""},"class_list":["post-11","page","type-page","status-publish","has-post-thumbnail","hentry"],"jetpack_likes_enabled":true,"jetpack_sharing_enabled":true,"_links":{"self":[{"href":"https:\/\/bilbao.wordcamp.org\/2025\/wp-json\/wp\/v2\/pages\/11","targetHints":{"allow":["GET"]}}],"collection":[{"href":"https:\/\/bilbao.wordcamp.org\/2025\/wp-json\/wp\/v2\/pages"}],"about":[{"href":"https:\/\/bilbao.wordcamp.org\/2025\/wp-json\/wp\/v2\/types\/page"}],"author":[{"embeddable":true,"href":"https:\/\/bilbao.wordcamp.org\/2025\/wp-json\/wp\/v2\/users\/14691066"}],"replies":[{"embeddable":true,"href":"https:\/\/bilbao.wordcamp.org\/2025\/wp-json\/wp\/v2\/comments?post=11"}],"version-history":[{"count":51,"href":"https:\/\/bilbao.wordcamp.org\/2025\/wp-json\/wp\/v2\/pages\/11\/revisions"}],"predecessor-version":[{"id":1929,"href":"https:\/\/bilbao.wordcamp.org\/2025\/wp-json\/wp\/v2\/pages\/11\/revisions\/1929"}],"wp:featuredmedia":[{"embeddable":true,"href":"https:\/\/bilbao.wordcamp.org\/2025\/wp-json\/wp\/v2\/media\/1828"}],"wp:attachment":[{"href":"https:\/\/bilbao.wordcamp.org\/2025\/wp-json\/wp\/v2\/media?parent=11"}],"curies":[{"name":"wp","href":"https:\/\/api.w.org\/{rel}","templated":true}]}}